{"id":3882,"date":"2026-03-24T17:30:57","date_gmt":"2026-03-24T16:30:57","guid":{"rendered":"https:\/\/suntechnics.ch\/?post_type=project&#038;p=3882"},"modified":"2026-03-24T17:30:57","modified_gmt":"2026-03-24T16:30:57","slug":"site-logistique-galliker-aclens-vd","status":"publish","type":"project","link":"https:\/\/suntechnics.ch\/fr\/project\/site-logistique-galliker-aclens-vd\/","title":{"rendered":"SITE LOGISTIQUE GALLIKER | ACLENS VD"},"content":{"rendered":"<div class=\"wpb-content-wrapper\"><p>[vc_section][vc_row][vc_column][vc_gallery interval=\u00a0\u00bb5&Prime; images=\u00a0\u00bb3879,3880,3881&Prime; img_size=\u00a0\u00bbnur_featured_image\u00a0\u00bb onclick=\u00a0\u00bb\u00a0\u00bb css=\u00a0\u00bb\u00a0\u00bb][\/vc_column][\/vc_row][vc_row][vc_column width=\u00a0\u00bb1\/4&Prime;][vc_column_text css=\u00a0\u00bb\u00a0\u00bb]<strong>Site<\/strong><br \/>\nAclens VD<\/p>\n<p><strong>Puissance<\/strong><br \/>\n1088,1 kWc &amp; 958,52 kWc<\/p>\n<p><strong>Nombre de modules<\/strong><br \/>\n2340 &amp; 2492<\/p>\n<p><strong>Modules<\/strong><br \/>\nNeostar 2P A465 Wc &amp; Aiko Solar Neostar 2P MAH54, 465Wc,<br \/>\n3S Tera Solar Black 9FL, 220 Wc,<br \/>\n3S Tera Solar Black 9 FM, 145Wc,<br \/>\n3S Tera Solar AdaptoBlack 9F64, 110Wc<\/p>\n<p><strong>Onduleur<\/strong><br \/>\nHuawei<\/p>\n<p><strong>Sous-structure<\/strong><br \/>\nK2 Dome[\/vc_column_text][\/vc_column][vc_column width=\u00a0\u00bb3\/4&Prime;][vc_column_text css=\u00a0\u00bb\u00a0\u00bb]SITE LOGISTIQUE GALLIKER | ACLENS VD<\/p>\n<p data-start=\"60\" data-end=\"635\">Avec l\u2019installation de puissants syst\u00e8mes photovolta\u00efques sur le site logistique Galliker \u00e0 Aclens (VD), nous avons mis en \u0153uvre une solution tourn\u00e9e vers l\u2019avenir pour un approvisionnement \u00e9nerg\u00e9tique durable. Sur deux b\u00e2timents voisins, les installations produisent de mani\u00e8re fiable de l\u2019\u00e9lectricit\u00e9 solaire directement l\u00e0 o\u00f9 elle est n\u00e9cessaire \u2014 pour une autoconsommation efficace et \u00e9conomique. <\/p>\n<p data-start=\"60\" data-end=\"635\">Une partie int\u00e9grante du projet consiste en des batteries de grande capacit\u00e9. Elles permettent une utilisation maximale de l\u2019\u00e9nergie solaire produite et garantissent une alimentation \u00e9lectrique stable, m\u00eame la nuit ou lors des pics de consommation. L\u2019\u00e9lectricit\u00e9 solaire devient ainsi disponible de mani\u00e8re flexible et peut \u00eatre utilis\u00e9e de mani\u00e8re cibl\u00e9e pour le fonctionnement quotidien ainsi que pour l\u2019infrastructure de recharge des v\u00e9hicules \u00e9lectriques.  <\/p>\n<p data-start=\"60\" data-end=\"635\">Avec une production annuelle d\u2019\u00e9lectricit\u00e9 d\u2019environ 2\u202f000 MWh, l\u2019installation contribue de mani\u00e8re tangible \u00e0 la r\u00e9duction des \u00e9missions de CO\u2082 et renforce durablement l\u2019autonomie \u00e9nerg\u00e9tique du site. Le site d\u2019Aclens participe ainsi activement \u00e0 la mise en \u0153uvre de la strat\u00e9gie globale de l\u2019entreprise visant \u00e0 alimenter progressivement la flotte logistique avec de l\u2019\u00e9lectricit\u00e9 propre. Le projet illustre de fa\u00e7on convaincante comment des solutions photovolta\u00efques modernes peuvent soutenir l\u2019industrie et la logistique sur la voie d\u2019un avenir respectueux du climat \u2014 de mani\u00e8re efficace, fiable et \u00e9conomique.  <\/p>\n<p>[\/vc_column_text][vc_gallery type=\u00a0\u00bbimage_grid\u00a0\u00bb images=\u00a0\u00bb3879,3880,3881&Prime; img_size=\u00a0\u00bb200&#215;150&Prime; css=\u00a0\u00bb\u00a0\u00bb][\/vc_column][\/vc_row][\/vc_section]<\/p>\n<\/div>","protected":false},"excerpt":{"rendered":"<p>[vc_section][vc_row][vc_column][vc_gallery interval=\u00a0\u00bb5&Prime; images=\u00a0\u00bb3879,3880,3881&Prime; img_size=\u00a0\u00bbnur_featured_image\u00a0\u00bb onclick=\u00a0\u00bb\u00a0\u00bb css=\u00a0\u00bb\u00a0\u00bb][\/vc_column][\/vc_row][vc_row][vc_column width=\u00a0\u00bb1\/4&Prime;][vc_column_text css=\u00a0\u00bb\u00a0\u00bb]Site Aclens VD Puissance 1088,1 kWc &amp; 958,52 kWc Nombre de modules 2340 &amp; 2492 Modules Neostar 2P A465 Wc &amp; Aiko Solar Neostar 2P MAH54, 465Wc, 3S Tera Solar Black 9FL, 220 Wc, 3S Tera Solar Black 9 FM, 145Wc, 3S Tera Solar AdaptoBlack 9F64, 110Wc Onduleur [&hellip;]<\/p>\n","protected":false},"featured_media":3879,"menu_order":0,"template":"","class_list":["post-3882","project","type-project","status-publish","has-post-thumbnail","hentry","project_category-entreprise","project_tag-entreprise","project_tag-integre"],"yoast_head":"<!-- This site is optimized with the Yoast SEO plugin v27.5 - https:\/\/yoast.com\/product\/yoast-seo-wordpress\/ -->\n<title>SITE LOGISTIQUE GALLIKER | ACLENS VD - Suntechnics<\/title>\n<meta name=\"description\" content=\"Nous avons install\u00e9 sur le site logistique Galliker d\u2019Aclens des syst\u00e8mes photovolta\u00efques avec stockage pour une production solaire durable, la r\u00e9duction des \u00e9missions de CO\u2082 et la mobilit\u00e9 \u00e9lectrique.\" \/>\n<meta name=\"robots\" content=\"index, follow, max-snippet:-1, max-image-preview:large, max-video-preview:-1\" \/>\n<link rel=\"canonical\" href=\"https:\/\/suntechnics.ch\/fr\/project\/site-logistique-galliker-aclens-vd\/\" \/>\n<meta property=\"og:locale\" content=\"fr_FR\" \/>\n<meta property=\"og:type\" content=\"article\" \/>\n<meta property=\"og:title\" content=\"SITE LOGISTIQUE GALLIKER | ACLENS VD - Suntechnics\" \/>\n<meta property=\"og:description\" content=\"Nous avons install\u00e9 sur le site logistique Galliker d\u2019Aclens des syst\u00e8mes photovolta\u00efques avec stockage pour une production solaire durable, la r\u00e9duction des \u00e9missions de CO\u2082 et la mobilit\u00e9 \u00e9lectrique.\" \/>\n<meta property=\"og:url\" content=\"https:\/\/suntechnics.ch\/fr\/project\/site-logistique-galliker-aclens-vd\/\" \/>\n<meta property=\"og:site_name\" content=\"Suntechnics\" \/>\n<meta property=\"og:image\" content=\"https:\/\/suntechnics.ch\/wp-content\/uploads\/2026\/01\/DJI_0943-scaled-e1768227641261.jpg\" \/>\n\t<meta property=\"og:image:width\" content=\"1920\" \/>\n\t<meta property=\"og:image:height\" content=\"1440\" \/>\n\t<meta property=\"og:image:type\" content=\"image\/jpeg\" \/>\n<meta name=\"twitter:card\" content=\"summary_large_image\" \/>\n<meta name=\"twitter:label1\" content=\"Dur\u00e9e de lecture estim\u00e9e\" \/>\n\t<meta name=\"twitter:data1\" content=\"2 minutes\" \/>\n<script type=\"application\/ld+json\" class=\"yoast-schema-graph\">{\"@context\":\"https:\\\/\\\/schema.org\",\"@graph\":[{\"@type\":\"WebPage\",\"@id\":\"https:\\\/\\\/suntechnics.ch\\\/fr\\\/project\\\/site-logistique-galliker-aclens-vd\\\/\",\"url\":\"https:\\\/\\\/suntechnics.ch\\\/fr\\\/project\\\/site-logistique-galliker-aclens-vd\\\/\",\"name\":\"SITE LOGISTIQUE GALLIKER | ACLENS VD - Suntechnics\",\"isPartOf\":{\"@id\":\"https:\\\/\\\/suntechnics.ch\\\/#website\"},\"primaryImageOfPage\":{\"@id\":\"https:\\\/\\\/suntechnics.ch\\\/fr\\\/project\\\/site-logistique-galliker-aclens-vd\\\/#primaryimage\"},\"image\":{\"@id\":\"https:\\\/\\\/suntechnics.ch\\\/fr\\\/project\\\/site-logistique-galliker-aclens-vd\\\/#primaryimage\"},\"thumbnailUrl\":\"https:\\\/\\\/suntechnics.ch\\\/wp-content\\\/uploads\\\/2026\\\/01\\\/DJI_0943-scaled-e1768227641261.jpg\",\"datePublished\":\"2026-03-24T16:30:57+00:00\",\"description\":\"Nous avons install\u00e9 sur le site logistique Galliker d\u2019Aclens des syst\u00e8mes photovolta\u00efques avec stockage pour une production solaire durable, la r\u00e9duction des \u00e9missions de CO\u2082 et la mobilit\u00e9 \u00e9lectrique.\",\"breadcrumb\":{\"@id\":\"https:\\\/\\\/suntechnics.ch\\\/fr\\\/project\\\/site-logistique-galliker-aclens-vd\\\/#breadcrumb\"},\"inLanguage\":\"fr-FR\",\"potentialAction\":[{\"@type\":\"ReadAction\",\"target\":[\"https:\\\/\\\/suntechnics.ch\\\/fr\\\/project\\\/site-logistique-galliker-aclens-vd\\\/\"]}]},{\"@type\":\"ImageObject\",\"inLanguage\":\"fr-FR\",\"@id\":\"https:\\\/\\\/suntechnics.ch\\\/fr\\\/project\\\/site-logistique-galliker-aclens-vd\\\/#primaryimage\",\"url\":\"https:\\\/\\\/suntechnics.ch\\\/wp-content\\\/uploads\\\/2026\\\/01\\\/DJI_0943-scaled-e1768227641261.jpg\",\"contentUrl\":\"https:\\\/\\\/suntechnics.ch\\\/wp-content\\\/uploads\\\/2026\\\/01\\\/DJI_0943-scaled-e1768227641261.jpg\",\"width\":1920,\"height\":1440,\"caption\":\"default\"},{\"@type\":\"BreadcrumbList\",\"@id\":\"https:\\\/\\\/suntechnics.ch\\\/fr\\\/project\\\/site-logistique-galliker-aclens-vd\\\/#breadcrumb\",\"itemListElement\":[{\"@type\":\"ListItem\",\"position\":1,\"name\":\"Startseite\",\"item\":\"https:\\\/\\\/suntechnics.ch\\\/fr\\\/\"},{\"@type\":\"ListItem\",\"position\":2,\"name\":\"SITE LOGISTIQUE GALLIKER | ACLENS VD\"}]},{\"@type\":\"WebSite\",\"@id\":\"https:\\\/\\\/suntechnics.ch\\\/#website\",\"url\":\"https:\\\/\\\/suntechnics.ch\\\/\",\"name\":\"Suntechnics\",\"description\":\"\",\"publisher\":{\"@id\":\"https:\\\/\\\/suntechnics.ch\\\/#organization\"},\"potentialAction\":[{\"@type\":\"SearchAction\",\"target\":{\"@type\":\"EntryPoint\",\"urlTemplate\":\"https:\\\/\\\/suntechnics.ch\\\/?s={search_term_string}\"},\"query-input\":{\"@type\":\"PropertyValueSpecification\",\"valueRequired\":true,\"valueName\":\"search_term_string\"}}],\"inLanguage\":\"fr-FR\"},{\"@type\":\"Organization\",\"@id\":\"https:\\\/\\\/suntechnics.ch\\\/#organization\",\"name\":\"Suntechnics\",\"url\":\"https:\\\/\\\/suntechnics.ch\\\/\",\"logo\":{\"@type\":\"ImageObject\",\"inLanguage\":\"fr-FR\",\"@id\":\"https:\\\/\\\/suntechnics.ch\\\/#\\\/schema\\\/logo\\\/image\\\/\",\"url\":\"https:\\\/\\\/suntechnics.ch\\\/wp-content\\\/uploads\\\/2024\\\/04\\\/Logo_SunTechnics_schwarz-scaled.jpg\",\"contentUrl\":\"https:\\\/\\\/suntechnics.ch\\\/wp-content\\\/uploads\\\/2024\\\/04\\\/Logo_SunTechnics_schwarz-scaled.jpg\",\"width\":2560,\"height\":515,\"caption\":\"Suntechnics\"},\"image\":{\"@id\":\"https:\\\/\\\/suntechnics.ch\\\/#\\\/schema\\\/logo\\\/image\\\/\"}}]}<\/script>\n<!-- \/ Yoast SEO plugin. -->","yoast_head_json":{"title":"SITE LOGISTIQUE GALLIKER | ACLENS VD - Suntechnics","description":"Nous avons install\u00e9 sur le site logistique Galliker d\u2019Aclens des syst\u00e8mes photovolta\u00efques avec stockage pour une production solaire durable, la r\u00e9duction des \u00e9missions de CO\u2082 et la mobilit\u00e9 \u00e9lectrique.","robots":{"index":"index","follow":"follow","max-snippet":"max-snippet:-1","max-image-preview":"max-image-preview:large","max-video-preview":"max-video-preview:-1"},"canonical":"https:\/\/suntechnics.ch\/fr\/project\/site-logistique-galliker-aclens-vd\/","og_locale":"fr_FR","og_type":"article","og_title":"SITE LOGISTIQUE GALLIKER | ACLENS VD - Suntechnics","og_description":"Nous avons install\u00e9 sur le site logistique Galliker d\u2019Aclens des syst\u00e8mes photovolta\u00efques avec stockage pour une production solaire durable, la r\u00e9duction des \u00e9missions de CO\u2082 et la mobilit\u00e9 \u00e9lectrique.","og_url":"https:\/\/suntechnics.ch\/fr\/project\/site-logistique-galliker-aclens-vd\/","og_site_name":"Suntechnics","og_image":[{"width":1920,"height":1440,"url":"https:\/\/suntechnics.ch\/wp-content\/uploads\/2026\/01\/DJI_0943-scaled-e1768227641261.jpg","type":"image\/jpeg"}],"twitter_card":"summary_large_image","twitter_misc":{"Dur\u00e9e de lecture estim\u00e9e":"2 minutes"},"schema":{"@context":"https:\/\/schema.org","@graph":[{"@type":"WebPage","@id":"https:\/\/suntechnics.ch\/fr\/project\/site-logistique-galliker-aclens-vd\/","url":"https:\/\/suntechnics.ch\/fr\/project\/site-logistique-galliker-aclens-vd\/","name":"SITE LOGISTIQUE GALLIKER | ACLENS VD - Suntechnics","isPartOf":{"@id":"https:\/\/suntechnics.ch\/#website"},"primaryImageOfPage":{"@id":"https:\/\/suntechnics.ch\/fr\/project\/site-logistique-galliker-aclens-vd\/#primaryimage"},"image":{"@id":"https:\/\/suntechnics.ch\/fr\/project\/site-logistique-galliker-aclens-vd\/#primaryimage"},"thumbnailUrl":"https:\/\/suntechnics.ch\/wp-content\/uploads\/2026\/01\/DJI_0943-scaled-e1768227641261.jpg","datePublished":"2026-03-24T16:30:57+00:00","description":"Nous avons install\u00e9 sur le site logistique Galliker d\u2019Aclens des syst\u00e8mes photovolta\u00efques avec stockage pour une production solaire durable, la r\u00e9duction des \u00e9missions de CO\u2082 et la mobilit\u00e9 \u00e9lectrique.","breadcrumb":{"@id":"https:\/\/suntechnics.ch\/fr\/project\/site-logistique-galliker-aclens-vd\/#breadcrumb"},"inLanguage":"fr-FR","potentialAction":[{"@type":"ReadAction","target":["https:\/\/suntechnics.ch\/fr\/project\/site-logistique-galliker-aclens-vd\/"]}]},{"@type":"ImageObject","inLanguage":"fr-FR","@id":"https:\/\/suntechnics.ch\/fr\/project\/site-logistique-galliker-aclens-vd\/#primaryimage","url":"https:\/\/suntechnics.ch\/wp-content\/uploads\/2026\/01\/DJI_0943-scaled-e1768227641261.jpg","contentUrl":"https:\/\/suntechnics.ch\/wp-content\/uploads\/2026\/01\/DJI_0943-scaled-e1768227641261.jpg","width":1920,"height":1440,"caption":"default"},{"@type":"BreadcrumbList","@id":"https:\/\/suntechnics.ch\/fr\/project\/site-logistique-galliker-aclens-vd\/#breadcrumb","itemListElement":[{"@type":"ListItem","position":1,"name":"Startseite","item":"https:\/\/suntechnics.ch\/fr\/"},{"@type":"ListItem","position":2,"name":"SITE LOGISTIQUE GALLIKER | ACLENS VD"}]},{"@type":"WebSite","@id":"https:\/\/suntechnics.ch\/#website","url":"https:\/\/suntechnics.ch\/","name":"Suntechnics","description":"","publisher":{"@id":"https:\/\/suntechnics.ch\/#organization"},"potentialAction":[{"@type":"SearchAction","target":{"@type":"EntryPoint","urlTemplate":"https:\/\/suntechnics.ch\/?s={search_term_string}"},"query-input":{"@type":"PropertyValueSpecification","valueRequired":true,"valueName":"search_term_string"}}],"inLanguage":"fr-FR"},{"@type":"Organization","@id":"https:\/\/suntechnics.ch\/#organization","name":"Suntechnics","url":"https:\/\/suntechnics.ch\/","logo":{"@type":"ImageObject","inLanguage":"fr-FR","@id":"https:\/\/suntechnics.ch\/#\/schema\/logo\/image\/","url":"https:\/\/suntechnics.ch\/wp-content\/uploads\/2024\/04\/Logo_SunTechnics_schwarz-scaled.jpg","contentUrl":"https:\/\/suntechnics.ch\/wp-content\/uploads\/2024\/04\/Logo_SunTechnics_schwarz-scaled.jpg","width":2560,"height":515,"caption":"Suntechnics"},"image":{"@id":"https:\/\/suntechnics.ch\/#\/schema\/logo\/image\/"}}]}},"_links":{"self":[{"href":"https:\/\/suntechnics.ch\/fr\/wp-json\/wp\/v2\/project\/3882","targetHints":{"allow":["GET"]}}],"collection":[{"href":"https:\/\/suntechnics.ch\/fr\/wp-json\/wp\/v2\/project"}],"about":[{"href":"https:\/\/suntechnics.ch\/fr\/wp-json\/wp\/v2\/types\/project"}],"wp:featuredmedia":[{"embeddable":true,"href":"https:\/\/suntechnics.ch\/fr\/wp-json\/wp\/v2\/media\/3879"}],"wp:attachment":[{"href":"https:\/\/suntechnics.ch\/fr\/wp-json\/wp\/v2\/media?parent=3882"}],"curies":[{"name":"wp","href":"https:\/\/api.w.org\/{rel}","templated":true}]}}