{"id":3489,"date":"2024-06-21T16:56:32","date_gmt":"2024-06-21T14:56:32","guid":{"rendered":"https:\/\/suntechnics.ch\/project\/complexe-sportif-sihlhoelzli-wiedikon-zh\/"},"modified":"2025-12-18T09:38:24","modified_gmt":"2025-12-18T08:38:24","slug":"complexe-sportif-sihlhoelzli-wiedikon-zh","status":"publish","type":"project","link":"https:\/\/suntechnics.ch\/fr\/project\/complexe-sportif-sihlhoelzli-wiedikon-zh\/","title":{"rendered":"Complexe sportif SIHLH\u00d6LZLI | WIEDIKON ZH"},"content":{"rendered":"<div class=\"wpb-content-wrapper\"><p>[vc_section][vc_row][vc_column][vc_gallery type=\u00a0\u00bbflexslider_slide\u00a0\u00bb interval=\u00a0\u00bb5&Prime; images=\u00a0\u00bb2324&Prime; img_size=\u00a0\u00bbnur_featured_image\u00a0\u00bb onclick=\u00a0\u00bb\u00a0\u00bb css=\u00a0\u00bb\u00a0\u00bb][\/vc_column][\/vc_row][vc_row][vc_column width=\u00a0\u00bb1\/4&Prime;][vc_column_text css=\u00a0\u00bb\u00a0\u00bb]<strong>Site<\/strong><br \/>\nWiedikon ZH<\/p>\n<p><strong>Nombre de modules<\/strong><br \/>\n245 modules de 390 W<\/p>\n<p><strong>Puissance<\/strong><br \/>\n95,55 kWc<\/p>\n<p><strong>Production annuelle <\/strong><br \/>\n92&rsquo;000 kWh<\/p>\n<p><strong>Modules<\/strong><br \/>\nTrina Solar Vertex S<\/p>\n<p><strong>Onduleurs<\/strong><br \/>\nSolarMax TS-Serie<\/p>\n<p><strong>Sous-structure<br \/>\n<\/strong>Novotegra Einlegesystem[\/vc_column_text][\/vc_column][vc_column width=\u00a0\u00bb3\/4&Prime;][vc_column_text css=\u00a0\u00bb\u00a0\u00bb]COMPLEXE SPORTIF<\/p>\n<p>Le montage sur le toit de l\u2019installation sportive du Sihlh\u00f6lzli a d\u00fb \u00eatre r\u00e9alis\u00e9 avec un soin tout particulier et a n\u00e9cessit\u00e9 une longue phase de pr\u00e9paration. La raison en \u00e9tait la protection du patrimoine. Apr\u00e8s la fixation \u00e0 titre d\u2019essai d\u2019un petit nombre de modules et la d\u00e9termination, en concertation avec le ma\u00eetre d\u2019ouvrage, de la variante chromatique la plus appropri\u00e9e, la pose de la sous-structure a pu commencer. Ce processus s\u2019est av\u00e9r\u00e9 particuli\u00e8rement exigeant sur l\u2019ardoise espagnole sensible, mais il en valait la peine. Le r\u00e9sultat final est esth\u00e9tique \u2013 un aspect essentiel, puisque le b\u00e2timent est visible par toute personne entrant dans la ville.[\/vc_column_text][vc_gallery type=\u00a0\u00bbimage_grid\u00a0\u00bb images=\u00a0\u00bb2324&Prime; img_size=\u00a0\u00bb200&#215;150&Prime; css=\u00a0\u00bb\u00a0\u00bb][\/vc_column][\/vc_row][\/vc_section]<\/p>\n<\/div>","protected":false},"excerpt":{"rendered":"<p>[vc_section][vc_row][vc_column][vc_gallery type=\u00a0\u00bbflexslider_slide\u00a0\u00bb interval=\u00a0\u00bb5&Prime; images=\u00a0\u00bb2324&Prime; img_size=\u00a0\u00bbnur_featured_image\u00a0\u00bb onclick=\u00a0\u00bb\u00a0\u00bb css=\u00a0\u00bb\u00a0\u00bb][\/vc_column][\/vc_row][vc_row][vc_column width=\u00a0\u00bb1\/4&Prime;][vc_column_text css=\u00a0\u00bb\u00a0\u00bb]Site Wiedikon ZH Nombre de modules 245 modules de 390 W Puissance 95,55 kWc Production annuelle 92&rsquo;000 kWh Modules Trina Solar Vertex S Onduleurs SolarMax TS-Serie Sous-structure Novotegra Einlegesystem[\/vc_column_text][\/vc_column][vc_column width=\u00a0\u00bb3\/4&Prime;][vc_column_text css=\u00a0\u00bb\u00a0\u00bb]COMPLEXE SPORTIF Le montage sur le toit de l\u2019installation sportive du Sihlh\u00f6lzli a d\u00fb \u00eatre r\u00e9alis\u00e9 avec [&hellip;]<\/p>\n","protected":false},"featured_media":2324,"menu_order":0,"template":"","class_list":["post-3489","project","type-project","status-publish","has-post-thumbnail","hentry","project_category-entreprise","project_tag-entreprise","project_tag-integre"],"yoast_head":"<!-- This site is optimized with the Yoast SEO plugin v27.5 - https:\/\/yoast.com\/product\/yoast-seo-wordpress\/ -->\n<title>Complexe sportif SIHLH\u00d6LZLI | WIEDIKON ZH - Suntechnics<\/title>\n<meta name=\"description\" content=\"Le complexe sportif du Sihlh\u00f6lzli se situe \u00e0 Wiedikon, dans le canton de Zurich. Suntechnics Fabrisolar a d\u00fb y faire preuve d\u2019une attention toute particuli\u00e8re en mati\u00e8re de protection du patrimoine.\" \/>\n<meta name=\"robots\" content=\"index, follow, max-snippet:-1, max-image-preview:large, max-video-preview:-1\" \/>\n<link rel=\"canonical\" href=\"https:\/\/suntechnics.ch\/fr\/project\/complexe-sportif-sihlhoelzli-wiedikon-zh\/\" \/>\n<meta property=\"og:locale\" content=\"fr_FR\" \/>\n<meta property=\"og:type\" content=\"article\" \/>\n<meta property=\"og:title\" content=\"Complexe sportif SIHLH\u00d6LZLI | WIEDIKON ZH - Suntechnics\" \/>\n<meta property=\"og:description\" content=\"Le complexe sportif du Sihlh\u00f6lzli se situe \u00e0 Wiedikon, dans le canton de Zurich. Suntechnics Fabrisolar a d\u00fb y faire preuve d\u2019une attention toute particuli\u00e8re en mati\u00e8re de protection du patrimoine.\" \/>\n<meta property=\"og:url\" content=\"https:\/\/suntechnics.ch\/fr\/project\/complexe-sportif-sihlhoelzli-wiedikon-zh\/\" \/>\n<meta property=\"og:site_name\" content=\"Suntechnics\" \/>\n<meta property=\"article:modified_time\" content=\"2025-12-18T08:38:24+00:00\" \/>\n<meta property=\"og:image\" content=\"https:\/\/suntechnics.ch\/wp-content\/uploads\/2024\/06\/sihlhoelzli_hell-scaled.jpg\" \/>\n\t<meta property=\"og:image:width\" content=\"2560\" \/>\n\t<meta property=\"og:image:height\" content=\"1920\" \/>\n\t<meta property=\"og:image:type\" content=\"image\/jpeg\" \/>\n<meta name=\"twitter:card\" content=\"summary_large_image\" \/>\n<meta name=\"twitter:label1\" content=\"Dur\u00e9e de lecture estim\u00e9e\" \/>\n\t<meta name=\"twitter:data1\" content=\"1 minute\" \/>\n<script type=\"application\/ld+json\" class=\"yoast-schema-graph\">{\"@context\":\"https:\\\/\\\/schema.org\",\"@graph\":[{\"@type\":\"WebPage\",\"@id\":\"https:\\\/\\\/suntechnics.ch\\\/fr\\\/project\\\/complexe-sportif-sihlhoelzli-wiedikon-zh\\\/\",\"url\":\"https:\\\/\\\/suntechnics.ch\\\/fr\\\/project\\\/complexe-sportif-sihlhoelzli-wiedikon-zh\\\/\",\"name\":\"Complexe sportif SIHLH\u00d6LZLI | WIEDIKON ZH - Suntechnics\",\"isPartOf\":{\"@id\":\"https:\\\/\\\/suntechnics.ch\\\/#website\"},\"primaryImageOfPage\":{\"@id\":\"https:\\\/\\\/suntechnics.ch\\\/fr\\\/project\\\/complexe-sportif-sihlhoelzli-wiedikon-zh\\\/#primaryimage\"},\"image\":{\"@id\":\"https:\\\/\\\/suntechnics.ch\\\/fr\\\/project\\\/complexe-sportif-sihlhoelzli-wiedikon-zh\\\/#primaryimage\"},\"thumbnailUrl\":\"https:\\\/\\\/suntechnics.ch\\\/wp-content\\\/uploads\\\/2024\\\/06\\\/sihlhoelzli_hell-scaled.jpg\",\"datePublished\":\"2024-06-21T14:56:32+00:00\",\"dateModified\":\"2025-12-18T08:38:24+00:00\",\"description\":\"Le complexe sportif du Sihlh\u00f6lzli se situe \u00e0 Wiedikon, dans le canton de Zurich. Suntechnics Fabrisolar a d\u00fb y faire preuve d\u2019une attention toute particuli\u00e8re en mati\u00e8re de protection du patrimoine.\",\"breadcrumb\":{\"@id\":\"https:\\\/\\\/suntechnics.ch\\\/fr\\\/project\\\/complexe-sportif-sihlhoelzli-wiedikon-zh\\\/#breadcrumb\"},\"inLanguage\":\"fr-FR\",\"potentialAction\":[{\"@type\":\"ReadAction\",\"target\":[\"https:\\\/\\\/suntechnics.ch\\\/fr\\\/project\\\/complexe-sportif-sihlhoelzli-wiedikon-zh\\\/\"]}]},{\"@type\":\"ImageObject\",\"inLanguage\":\"fr-FR\",\"@id\":\"https:\\\/\\\/suntechnics.ch\\\/fr\\\/project\\\/complexe-sportif-sihlhoelzli-wiedikon-zh\\\/#primaryimage\",\"url\":\"https:\\\/\\\/suntechnics.ch\\\/wp-content\\\/uploads\\\/2024\\\/06\\\/sihlhoelzli_hell-scaled.jpg\",\"contentUrl\":\"https:\\\/\\\/suntechnics.ch\\\/wp-content\\\/uploads\\\/2024\\\/06\\\/sihlhoelzli_hell-scaled.jpg\",\"width\":2560,\"height\":1920},{\"@type\":\"BreadcrumbList\",\"@id\":\"https:\\\/\\\/suntechnics.ch\\\/fr\\\/project\\\/complexe-sportif-sihlhoelzli-wiedikon-zh\\\/#breadcrumb\",\"itemListElement\":[{\"@type\":\"ListItem\",\"position\":1,\"name\":\"Startseite\",\"item\":\"https:\\\/\\\/suntechnics.ch\\\/fr\\\/\"},{\"@type\":\"ListItem\",\"position\":2,\"name\":\"Complexe sportif SIHLH\u00d6LZLI | WIEDIKON ZH\"}]},{\"@type\":\"WebSite\",\"@id\":\"https:\\\/\\\/suntechnics.ch\\\/#website\",\"url\":\"https:\\\/\\\/suntechnics.ch\\\/\",\"name\":\"Suntechnics\",\"description\":\"\",\"publisher\":{\"@id\":\"https:\\\/\\\/suntechnics.ch\\\/#organization\"},\"potentialAction\":[{\"@type\":\"SearchAction\",\"target\":{\"@type\":\"EntryPoint\",\"urlTemplate\":\"https:\\\/\\\/suntechnics.ch\\\/?s={search_term_string}\"},\"query-input\":{\"@type\":\"PropertyValueSpecification\",\"valueRequired\":true,\"valueName\":\"search_term_string\"}}],\"inLanguage\":\"fr-FR\"},{\"@type\":\"Organization\",\"@id\":\"https:\\\/\\\/suntechnics.ch\\\/#organization\",\"name\":\"Suntechnics\",\"url\":\"https:\\\/\\\/suntechnics.ch\\\/\",\"logo\":{\"@type\":\"ImageObject\",\"inLanguage\":\"fr-FR\",\"@id\":\"https:\\\/\\\/suntechnics.ch\\\/#\\\/schema\\\/logo\\\/image\\\/\",\"url\":\"https:\\\/\\\/suntechnics.ch\\\/wp-content\\\/uploads\\\/2024\\\/04\\\/Logo_SunTechnics_schwarz-scaled.jpg\",\"contentUrl\":\"https:\\\/\\\/suntechnics.ch\\\/wp-content\\\/uploads\\\/2024\\\/04\\\/Logo_SunTechnics_schwarz-scaled.jpg\",\"width\":2560,\"height\":515,\"caption\":\"Suntechnics\"},\"image\":{\"@id\":\"https:\\\/\\\/suntechnics.ch\\\/#\\\/schema\\\/logo\\\/image\\\/\"}}]}<\/script>\n<!-- \/ Yoast SEO plugin. -->","yoast_head_json":{"title":"Complexe sportif SIHLH\u00d6LZLI | WIEDIKON ZH - Suntechnics","description":"Le complexe sportif du Sihlh\u00f6lzli se situe \u00e0 Wiedikon, dans le canton de Zurich. Suntechnics Fabrisolar a d\u00fb y faire preuve d\u2019une attention toute particuli\u00e8re en mati\u00e8re de protection du patrimoine.","robots":{"index":"index","follow":"follow","max-snippet":"max-snippet:-1","max-image-preview":"max-image-preview:large","max-video-preview":"max-video-preview:-1"},"canonical":"https:\/\/suntechnics.ch\/fr\/project\/complexe-sportif-sihlhoelzli-wiedikon-zh\/","og_locale":"fr_FR","og_type":"article","og_title":"Complexe sportif SIHLH\u00d6LZLI | WIEDIKON ZH - Suntechnics","og_description":"Le complexe sportif du Sihlh\u00f6lzli se situe \u00e0 Wiedikon, dans le canton de Zurich. Suntechnics Fabrisolar a d\u00fb y faire preuve d\u2019une attention toute particuli\u00e8re en mati\u00e8re de protection du patrimoine.","og_url":"https:\/\/suntechnics.ch\/fr\/project\/complexe-sportif-sihlhoelzli-wiedikon-zh\/","og_site_name":"Suntechnics","article_modified_time":"2025-12-18T08:38:24+00:00","og_image":[{"width":2560,"height":1920,"url":"https:\/\/suntechnics.ch\/wp-content\/uploads\/2024\/06\/sihlhoelzli_hell-scaled.jpg","type":"image\/jpeg"}],"twitter_card":"summary_large_image","twitter_misc":{"Dur\u00e9e de lecture estim\u00e9e":"1 minute"},"schema":{"@context":"https:\/\/schema.org","@graph":[{"@type":"WebPage","@id":"https:\/\/suntechnics.ch\/fr\/project\/complexe-sportif-sihlhoelzli-wiedikon-zh\/","url":"https:\/\/suntechnics.ch\/fr\/project\/complexe-sportif-sihlhoelzli-wiedikon-zh\/","name":"Complexe sportif SIHLH\u00d6LZLI | WIEDIKON ZH - Suntechnics","isPartOf":{"@id":"https:\/\/suntechnics.ch\/#website"},"primaryImageOfPage":{"@id":"https:\/\/suntechnics.ch\/fr\/project\/complexe-sportif-sihlhoelzli-wiedikon-zh\/#primaryimage"},"image":{"@id":"https:\/\/suntechnics.ch\/fr\/project\/complexe-sportif-sihlhoelzli-wiedikon-zh\/#primaryimage"},"thumbnailUrl":"https:\/\/suntechnics.ch\/wp-content\/uploads\/2024\/06\/sihlhoelzli_hell-scaled.jpg","datePublished":"2024-06-21T14:56:32+00:00","dateModified":"2025-12-18T08:38:24+00:00","description":"Le complexe sportif du Sihlh\u00f6lzli se situe \u00e0 Wiedikon, dans le canton de Zurich. Suntechnics Fabrisolar a d\u00fb y faire preuve d\u2019une attention toute particuli\u00e8re en mati\u00e8re de protection du patrimoine.","breadcrumb":{"@id":"https:\/\/suntechnics.ch\/fr\/project\/complexe-sportif-sihlhoelzli-wiedikon-zh\/#breadcrumb"},"inLanguage":"fr-FR","potentialAction":[{"@type":"ReadAction","target":["https:\/\/suntechnics.ch\/fr\/project\/complexe-sportif-sihlhoelzli-wiedikon-zh\/"]}]},{"@type":"ImageObject","inLanguage":"fr-FR","@id":"https:\/\/suntechnics.ch\/fr\/project\/complexe-sportif-sihlhoelzli-wiedikon-zh\/#primaryimage","url":"https:\/\/suntechnics.ch\/wp-content\/uploads\/2024\/06\/sihlhoelzli_hell-scaled.jpg","contentUrl":"https:\/\/suntechnics.ch\/wp-content\/uploads\/2024\/06\/sihlhoelzli_hell-scaled.jpg","width":2560,"height":1920},{"@type":"BreadcrumbList","@id":"https:\/\/suntechnics.ch\/fr\/project\/complexe-sportif-sihlhoelzli-wiedikon-zh\/#breadcrumb","itemListElement":[{"@type":"ListItem","position":1,"name":"Startseite","item":"https:\/\/suntechnics.ch\/fr\/"},{"@type":"ListItem","position":2,"name":"Complexe sportif SIHLH\u00d6LZLI | WIEDIKON ZH"}]},{"@type":"WebSite","@id":"https:\/\/suntechnics.ch\/#website","url":"https:\/\/suntechnics.ch\/","name":"Suntechnics","description":"","publisher":{"@id":"https:\/\/suntechnics.ch\/#organization"},"potentialAction":[{"@type":"SearchAction","target":{"@type":"EntryPoint","urlTemplate":"https:\/\/suntechnics.ch\/?s={search_term_string}"},"query-input":{"@type":"PropertyValueSpecification","valueRequired":true,"valueName":"search_term_string"}}],"inLanguage":"fr-FR"},{"@type":"Organization","@id":"https:\/\/suntechnics.ch\/#organization","name":"Suntechnics","url":"https:\/\/suntechnics.ch\/","logo":{"@type":"ImageObject","inLanguage":"fr-FR","@id":"https:\/\/suntechnics.ch\/#\/schema\/logo\/image\/","url":"https:\/\/suntechnics.ch\/wp-content\/uploads\/2024\/04\/Logo_SunTechnics_schwarz-scaled.jpg","contentUrl":"https:\/\/suntechnics.ch\/wp-content\/uploads\/2024\/04\/Logo_SunTechnics_schwarz-scaled.jpg","width":2560,"height":515,"caption":"Suntechnics"},"image":{"@id":"https:\/\/suntechnics.ch\/#\/schema\/logo\/image\/"}}]}},"_links":{"self":[{"href":"https:\/\/suntechnics.ch\/fr\/wp-json\/wp\/v2\/project\/3489","targetHints":{"allow":["GET"]}}],"collection":[{"href":"https:\/\/suntechnics.ch\/fr\/wp-json\/wp\/v2\/project"}],"about":[{"href":"https:\/\/suntechnics.ch\/fr\/wp-json\/wp\/v2\/types\/project"}],"wp:featuredmedia":[{"embeddable":true,"href":"https:\/\/suntechnics.ch\/fr\/wp-json\/wp\/v2\/media\/2324"}],"wp:attachment":[{"href":"https:\/\/suntechnics.ch\/fr\/wp-json\/wp\/v2\/media?parent=3489"}],"curies":[{"name":"wp","href":"https:\/\/api.w.org\/{rel}","templated":true}]}}