{"id":3488,"date":"2024-06-24T11:45:16","date_gmt":"2024-06-24T09:45:16","guid":{"rendered":"https:\/\/suntechnics.ch\/project\/keller-malergeschaeft-altendorf-sz\/"},"modified":"2025-12-18T09:15:41","modified_gmt":"2025-12-18T08:15:41","slug":"keller-malergeschaeft-altendorf-sz","status":"publish","type":"project","link":"https:\/\/suntechnics.ch\/fr\/project\/keller-malergeschaeft-altendorf-sz\/","title":{"rendered":"KELLER MALERGESCH\u00c4FT | ALTENDORF SZ"},"content":{"rendered":"<div class=\"wpb-content-wrapper\"><p>[vc_section][vc_row][vc_column][vc_gallery type=\u00a0\u00bbflexslider_slide\u00a0\u00bb interval=\u00a0\u00bb5&Prime; images=\u00a0\u00bb2330&Prime; img_size=\u00a0\u00bbnur_featured_image\u00a0\u00bb onclick=\u00a0\u00bb\u00a0\u00bb css=\u00a0\u00bb\u00a0\u00bb][\/vc_column][\/vc_row][vc_row][vc_column width=\u00a0\u00bb3\/4&Prime;][vc_column_text css=\u00a0\u00bb\u00a0\u00bb]KELLER MALERGESCH\u00c4FT SCHWYZ<\/p>\n<p>Les contraintes d\u2019espace repr\u00e9sentaient un d\u00e9fi particulier sur le toit \u00e0 acrot\u00e8re existant de l\u2019entreprise de peinture Keller. Toutefois, l\u2019espace exploitable a pu \u00eatre consid\u00e9rablement optimis\u00e9 gr\u00e2ce \u00e0 une conception sp\u00e9cifique de garde-corps assurant la protection contre les chutes. Aujourd\u2019hui, l\u2019installation solaire constitue une source d\u2019\u00e9nergie id\u00e9ale, puisque l\u2019entreprise consomme principalement de l\u2019\u00e9lectricit\u00e9 en journ\u00e9e pour son atelier de pulv\u00e9risation.[\/vc_column_text][vc_gallery type=\u00a0\u00bbimage_grid\u00a0\u00bb images=\u00a0\u00bb2330&Prime; img_size=\u00a0\u00bb200&#215;150&Prime; css=\u00a0\u00bb\u00a0\u00bb][\/vc_column][\/vc_row][\/vc_section]<\/p>\n<\/div>","protected":false},"excerpt":{"rendered":"<p>[vc_section][vc_row][vc_column][vc_gallery type=\u00a0\u00bbflexslider_slide\u00a0\u00bb interval=\u00a0\u00bb5&Prime; images=\u00a0\u00bb2330&Prime; img_size=\u00a0\u00bbnur_featured_image\u00a0\u00bb onclick=\u00a0\u00bb\u00a0\u00bb css=\u00a0\u00bb\u00a0\u00bb][\/vc_column][\/vc_row][vc_row][vc_column width=\u00a0\u00bb3\/4&Prime;][vc_column_text css=\u00a0\u00bb\u00a0\u00bb]KELLER MALERGESCH\u00c4FT SCHWYZ Les contraintes d\u2019espace repr\u00e9sentaient un d\u00e9fi particulier sur le toit \u00e0 acrot\u00e8re existant de l\u2019entreprise de peinture Keller. Toutefois, l\u2019espace exploitable a pu \u00eatre consid\u00e9rablement optimis\u00e9 gr\u00e2ce \u00e0 une conception sp\u00e9cifique de garde-corps assurant la protection contre les chutes. Aujourd\u2019hui, l\u2019installation solaire constitue une [&hellip;]<\/p>\n","protected":false},"featured_media":2330,"menu_order":0,"template":"","class_list":["post-3488","project","type-project","status-publish","has-post-thumbnail","hentry","project_category-entreprise","project_tag-entreprise","project_tag-integre"],"yoast_head":"<!-- This site is optimized with the Yoast SEO plugin v27.5 - https:\/\/yoast.com\/product\/yoast-seo-wordpress\/ -->\n<title>KELLER MALERGESCH\u00c4FT | ALTENDORF SZ - Suntechnics<\/title>\n<meta name=\"description\" content=\"L&#039;entreprise Keller Malergesch\u00e4ft est situ\u00e9e \u00e0 Altendorf, dans le canton de Schwytz. Gr\u00e2ce \u00e0 son installation solaire, elle peut produire une quantit\u00e9 importante d\u2019\u00e9lectricit\u00e9, en particulier durant la journ\u00e9e, afin d\u2019alimenter son atelier de pulv\u00e9risation.\" \/>\n<meta name=\"robots\" content=\"index, follow, max-snippet:-1, max-image-preview:large, max-video-preview:-1\" \/>\n<link rel=\"canonical\" href=\"https:\/\/suntechnics.ch\/fr\/project\/keller-malergeschaeft-altendorf-sz\/\" \/>\n<meta property=\"og:locale\" content=\"fr_FR\" \/>\n<meta property=\"og:type\" content=\"article\" \/>\n<meta property=\"og:title\" content=\"KELLER MALERGESCH\u00c4FT | ALTENDORF SZ - Suntechnics\" \/>\n<meta property=\"og:description\" content=\"L&#039;entreprise Keller Malergesch\u00e4ft est situ\u00e9e \u00e0 Altendorf, dans le canton de Schwytz. Gr\u00e2ce \u00e0 son installation solaire, elle peut produire une quantit\u00e9 importante d\u2019\u00e9lectricit\u00e9, en particulier durant la journ\u00e9e, afin d\u2019alimenter son atelier de pulv\u00e9risation.\" \/>\n<meta property=\"og:url\" content=\"https:\/\/suntechnics.ch\/fr\/project\/keller-malergeschaeft-altendorf-sz\/\" \/>\n<meta property=\"og:site_name\" content=\"Suntechnics\" \/>\n<meta property=\"article:modified_time\" content=\"2025-12-18T08:15:41+00:00\" \/>\n<meta property=\"og:image\" content=\"https:\/\/suntechnics.ch\/wp-content\/uploads\/2024\/06\/keller_altendorf-scaled.jpg\" \/>\n\t<meta property=\"og:image:width\" content=\"1920\" \/>\n\t<meta property=\"og:image:height\" content=\"2560\" \/>\n\t<meta property=\"og:image:type\" content=\"image\/jpeg\" \/>\n<meta name=\"twitter:card\" content=\"summary_large_image\" \/>\n<meta name=\"twitter:label1\" content=\"Dur\u00e9e de lecture estim\u00e9e\" \/>\n\t<meta name=\"twitter:data1\" content=\"1 minute\" \/>\n<script type=\"application\/ld+json\" class=\"yoast-schema-graph\">{\"@context\":\"https:\\\/\\\/schema.org\",\"@graph\":[{\"@type\":\"WebPage\",\"@id\":\"https:\\\/\\\/suntechnics.ch\\\/fr\\\/project\\\/keller-malergeschaeft-altendorf-sz\\\/\",\"url\":\"https:\\\/\\\/suntechnics.ch\\\/fr\\\/project\\\/keller-malergeschaeft-altendorf-sz\\\/\",\"name\":\"KELLER MALERGESCH\u00c4FT | ALTENDORF SZ - Suntechnics\",\"isPartOf\":{\"@id\":\"https:\\\/\\\/suntechnics.ch\\\/#website\"},\"primaryImageOfPage\":{\"@id\":\"https:\\\/\\\/suntechnics.ch\\\/fr\\\/project\\\/keller-malergeschaeft-altendorf-sz\\\/#primaryimage\"},\"image\":{\"@id\":\"https:\\\/\\\/suntechnics.ch\\\/fr\\\/project\\\/keller-malergeschaeft-altendorf-sz\\\/#primaryimage\"},\"thumbnailUrl\":\"https:\\\/\\\/suntechnics.ch\\\/wp-content\\\/uploads\\\/2024\\\/06\\\/keller_altendorf-scaled.jpg\",\"datePublished\":\"2024-06-24T09:45:16+00:00\",\"dateModified\":\"2025-12-18T08:15:41+00:00\",\"description\":\"L'entreprise Keller Malergesch\u00e4ft est situ\u00e9e \u00e0 Altendorf, dans le canton de Schwytz. Gr\u00e2ce \u00e0 son installation solaire, elle peut produire une quantit\u00e9 importante d\u2019\u00e9lectricit\u00e9, en particulier durant la journ\u00e9e, afin d\u2019alimenter son atelier de pulv\u00e9risation.\",\"breadcrumb\":{\"@id\":\"https:\\\/\\\/suntechnics.ch\\\/fr\\\/project\\\/keller-malergeschaeft-altendorf-sz\\\/#breadcrumb\"},\"inLanguage\":\"fr-FR\",\"potentialAction\":[{\"@type\":\"ReadAction\",\"target\":[\"https:\\\/\\\/suntechnics.ch\\\/fr\\\/project\\\/keller-malergeschaeft-altendorf-sz\\\/\"]}]},{\"@type\":\"ImageObject\",\"inLanguage\":\"fr-FR\",\"@id\":\"https:\\\/\\\/suntechnics.ch\\\/fr\\\/project\\\/keller-malergeschaeft-altendorf-sz\\\/#primaryimage\",\"url\":\"https:\\\/\\\/suntechnics.ch\\\/wp-content\\\/uploads\\\/2024\\\/06\\\/keller_altendorf-scaled.jpg\",\"contentUrl\":\"https:\\\/\\\/suntechnics.ch\\\/wp-content\\\/uploads\\\/2024\\\/06\\\/keller_altendorf-scaled.jpg\",\"width\":1920,\"height\":2560,\"caption\":\"Keller Malergesch\u00e4ft\"},{\"@type\":\"BreadcrumbList\",\"@id\":\"https:\\\/\\\/suntechnics.ch\\\/fr\\\/project\\\/keller-malergeschaeft-altendorf-sz\\\/#breadcrumb\",\"itemListElement\":[{\"@type\":\"ListItem\",\"position\":1,\"name\":\"Startseite\",\"item\":\"https:\\\/\\\/suntechnics.ch\\\/fr\\\/\"},{\"@type\":\"ListItem\",\"position\":2,\"name\":\"KELLER MALERGESCH\u00c4FT | ALTENDORF SZ\"}]},{\"@type\":\"WebSite\",\"@id\":\"https:\\\/\\\/suntechnics.ch\\\/#website\",\"url\":\"https:\\\/\\\/suntechnics.ch\\\/\",\"name\":\"Suntechnics\",\"description\":\"\",\"publisher\":{\"@id\":\"https:\\\/\\\/suntechnics.ch\\\/#organization\"},\"potentialAction\":[{\"@type\":\"SearchAction\",\"target\":{\"@type\":\"EntryPoint\",\"urlTemplate\":\"https:\\\/\\\/suntechnics.ch\\\/?s={search_term_string}\"},\"query-input\":{\"@type\":\"PropertyValueSpecification\",\"valueRequired\":true,\"valueName\":\"search_term_string\"}}],\"inLanguage\":\"fr-FR\"},{\"@type\":\"Organization\",\"@id\":\"https:\\\/\\\/suntechnics.ch\\\/#organization\",\"name\":\"Suntechnics\",\"url\":\"https:\\\/\\\/suntechnics.ch\\\/\",\"logo\":{\"@type\":\"ImageObject\",\"inLanguage\":\"fr-FR\",\"@id\":\"https:\\\/\\\/suntechnics.ch\\\/#\\\/schema\\\/logo\\\/image\\\/\",\"url\":\"https:\\\/\\\/suntechnics.ch\\\/wp-content\\\/uploads\\\/2024\\\/04\\\/Logo_SunTechnics_schwarz-scaled.jpg\",\"contentUrl\":\"https:\\\/\\\/suntechnics.ch\\\/wp-content\\\/uploads\\\/2024\\\/04\\\/Logo_SunTechnics_schwarz-scaled.jpg\",\"width\":2560,\"height\":515,\"caption\":\"Suntechnics\"},\"image\":{\"@id\":\"https:\\\/\\\/suntechnics.ch\\\/#\\\/schema\\\/logo\\\/image\\\/\"}}]}<\/script>\n<!-- \/ Yoast SEO plugin. -->","yoast_head_json":{"title":"KELLER MALERGESCH\u00c4FT | ALTENDORF SZ - Suntechnics","description":"L'entreprise Keller Malergesch\u00e4ft est situ\u00e9e \u00e0 Altendorf, dans le canton de Schwytz. Gr\u00e2ce \u00e0 son installation solaire, elle peut produire une quantit\u00e9 importante d\u2019\u00e9lectricit\u00e9, en particulier durant la journ\u00e9e, afin d\u2019alimenter son atelier de pulv\u00e9risation.","robots":{"index":"index","follow":"follow","max-snippet":"max-snippet:-1","max-image-preview":"max-image-preview:large","max-video-preview":"max-video-preview:-1"},"canonical":"https:\/\/suntechnics.ch\/fr\/project\/keller-malergeschaeft-altendorf-sz\/","og_locale":"fr_FR","og_type":"article","og_title":"KELLER MALERGESCH\u00c4FT | ALTENDORF SZ - Suntechnics","og_description":"L'entreprise Keller Malergesch\u00e4ft est situ\u00e9e \u00e0 Altendorf, dans le canton de Schwytz. Gr\u00e2ce \u00e0 son installation solaire, elle peut produire une quantit\u00e9 importante d\u2019\u00e9lectricit\u00e9, en particulier durant la journ\u00e9e, afin d\u2019alimenter son atelier de pulv\u00e9risation.","og_url":"https:\/\/suntechnics.ch\/fr\/project\/keller-malergeschaeft-altendorf-sz\/","og_site_name":"Suntechnics","article_modified_time":"2025-12-18T08:15:41+00:00","og_image":[{"width":1920,"height":2560,"url":"https:\/\/suntechnics.ch\/wp-content\/uploads\/2024\/06\/keller_altendorf-scaled.jpg","type":"image\/jpeg"}],"twitter_card":"summary_large_image","twitter_misc":{"Dur\u00e9e de lecture estim\u00e9e":"1 minute"},"schema":{"@context":"https:\/\/schema.org","@graph":[{"@type":"WebPage","@id":"https:\/\/suntechnics.ch\/fr\/project\/keller-malergeschaeft-altendorf-sz\/","url":"https:\/\/suntechnics.ch\/fr\/project\/keller-malergeschaeft-altendorf-sz\/","name":"KELLER MALERGESCH\u00c4FT | ALTENDORF SZ - Suntechnics","isPartOf":{"@id":"https:\/\/suntechnics.ch\/#website"},"primaryImageOfPage":{"@id":"https:\/\/suntechnics.ch\/fr\/project\/keller-malergeschaeft-altendorf-sz\/#primaryimage"},"image":{"@id":"https:\/\/suntechnics.ch\/fr\/project\/keller-malergeschaeft-altendorf-sz\/#primaryimage"},"thumbnailUrl":"https:\/\/suntechnics.ch\/wp-content\/uploads\/2024\/06\/keller_altendorf-scaled.jpg","datePublished":"2024-06-24T09:45:16+00:00","dateModified":"2025-12-18T08:15:41+00:00","description":"L'entreprise Keller Malergesch\u00e4ft est situ\u00e9e \u00e0 Altendorf, dans le canton de Schwytz. Gr\u00e2ce \u00e0 son installation solaire, elle peut produire une quantit\u00e9 importante d\u2019\u00e9lectricit\u00e9, en particulier durant la journ\u00e9e, afin d\u2019alimenter son atelier de pulv\u00e9risation.","breadcrumb":{"@id":"https:\/\/suntechnics.ch\/fr\/project\/keller-malergeschaeft-altendorf-sz\/#breadcrumb"},"inLanguage":"fr-FR","potentialAction":[{"@type":"ReadAction","target":["https:\/\/suntechnics.ch\/fr\/project\/keller-malergeschaeft-altendorf-sz\/"]}]},{"@type":"ImageObject","inLanguage":"fr-FR","@id":"https:\/\/suntechnics.ch\/fr\/project\/keller-malergeschaeft-altendorf-sz\/#primaryimage","url":"https:\/\/suntechnics.ch\/wp-content\/uploads\/2024\/06\/keller_altendorf-scaled.jpg","contentUrl":"https:\/\/suntechnics.ch\/wp-content\/uploads\/2024\/06\/keller_altendorf-scaled.jpg","width":1920,"height":2560,"caption":"Keller Malergesch\u00e4ft"},{"@type":"BreadcrumbList","@id":"https:\/\/suntechnics.ch\/fr\/project\/keller-malergeschaeft-altendorf-sz\/#breadcrumb","itemListElement":[{"@type":"ListItem","position":1,"name":"Startseite","item":"https:\/\/suntechnics.ch\/fr\/"},{"@type":"ListItem","position":2,"name":"KELLER MALERGESCH\u00c4FT | ALTENDORF SZ"}]},{"@type":"WebSite","@id":"https:\/\/suntechnics.ch\/#website","url":"https:\/\/suntechnics.ch\/","name":"Suntechnics","description":"","publisher":{"@id":"https:\/\/suntechnics.ch\/#organization"},"potentialAction":[{"@type":"SearchAction","target":{"@type":"EntryPoint","urlTemplate":"https:\/\/suntechnics.ch\/?s={search_term_string}"},"query-input":{"@type":"PropertyValueSpecification","valueRequired":true,"valueName":"search_term_string"}}],"inLanguage":"fr-FR"},{"@type":"Organization","@id":"https:\/\/suntechnics.ch\/#organization","name":"Suntechnics","url":"https:\/\/suntechnics.ch\/","logo":{"@type":"ImageObject","inLanguage":"fr-FR","@id":"https:\/\/suntechnics.ch\/#\/schema\/logo\/image\/","url":"https:\/\/suntechnics.ch\/wp-content\/uploads\/2024\/04\/Logo_SunTechnics_schwarz-scaled.jpg","contentUrl":"https:\/\/suntechnics.ch\/wp-content\/uploads\/2024\/04\/Logo_SunTechnics_schwarz-scaled.jpg","width":2560,"height":515,"caption":"Suntechnics"},"image":{"@id":"https:\/\/suntechnics.ch\/#\/schema\/logo\/image\/"}}]}},"_links":{"self":[{"href":"https:\/\/suntechnics.ch\/fr\/wp-json\/wp\/v2\/project\/3488","targetHints":{"allow":["GET"]}}],"collection":[{"href":"https:\/\/suntechnics.ch\/fr\/wp-json\/wp\/v2\/project"}],"about":[{"href":"https:\/\/suntechnics.ch\/fr\/wp-json\/wp\/v2\/types\/project"}],"wp:featuredmedia":[{"embeddable":true,"href":"https:\/\/suntechnics.ch\/fr\/wp-json\/wp\/v2\/media\/2330"}],"wp:attachment":[{"href":"https:\/\/suntechnics.ch\/fr\/wp-json\/wp\/v2\/media?parent=3488"}],"curies":[{"name":"wp","href":"https:\/\/api.w.org\/{rel}","templated":true}]}}