{"id":3487,"date":"2024-06-24T14:06:04","date_gmt":"2024-06-24T12:06:04","guid":{"rendered":"https:\/\/suntechnics.ch\/project\/ecole-internationale-de-geneve-geneve\/"},"modified":"2025-12-18T09:38:57","modified_gmt":"2025-12-18T08:38:57","slug":"ecole-internationale-de-geneve-geneve","status":"publish","type":"project","link":"https:\/\/suntechnics.ch\/fr\/project\/ecole-internationale-de-geneve-geneve\/","title":{"rendered":"\u00c9COLE INTERNATIONALE DE GEN\u00c8VE | GEN\u00c8VE"},"content":{"rendered":"<div class=\"wpb-content-wrapper\"><p>[vc_section][vc_row][vc_column][vc_gallery interval=\u00a0\u00bb5&Prime; images=\u00a0\u00bb2338,2340,2342,2344,2346,2605,2609&Prime; img_size=\u00a0\u00bbnur_featured_image\u00a0\u00bb onclick=\u00a0\u00bb\u00a0\u00bb css=\u00a0\u00bb\u00a0\u00bb][\/vc_column][\/vc_row][vc_row][vc_column width=\u00a0\u00bb1\/4&Prime;][vc_column_text css=\u00a0\u00bb\u00a0\u00bb]<strong>Site<\/strong><br \/>\nGen\u00e8ve<\/p>\n<p><strong>Nombre de modules<\/strong><br \/>\n1204<\/p>\n<p><strong>Puissance<\/strong><br \/>\n511,67 kWc<\/p>\n<p><strong>Modules<\/strong><br \/>\nTrina Solar Vertex S TSM 425 (826 PV)<br \/>\nTrina Solar Vertex S+ TSM 440 (348 PV)<br \/>\nIstar IS4000 250 (30 PV)<\/p>\n<p><strong>Onduleurs<\/strong><br \/>\n3 x Solaredge SE100K<br \/>\n2 x Solaredge SE66K<\/p>\n<p><strong>Nombre de Onduleurs<\/strong><br \/>\n5<\/p>\n<p><strong>Sous-structure<\/strong><br \/>\nK2 Greenroof<br \/>\nK2 D-Dome[\/vc_column_text][\/vc_column][vc_column width=\u00a0\u00bb3\/4&Prime;][vc_column_text css=\u00a0\u00bb\u00a0\u00bb]\u00c9COLE INTERNATIONALE DE GEN\u00c8VE<\/p>\n<p>L\u2019installation solaire sur les toits de l\u2019\u00c9cole Internationale de Gen\u00e8ve (Campus Grande Boissi\u00e8re) dans le canton de Gen\u00e8ve constitue un exemple unique de production d\u2019\u00e9nergie durable. Avec un total de 1 204 modules, elle fait partie des plus grandes installations et utilise \u00e0 cet effet cinq onduleurs.[\/vc_column_text][vc_gallery type=\u00a0\u00bbimage_grid\u00a0\u00bb images=\u00a0\u00bb2338,2340,2342,2344,2346,2605,2609&Prime; img_size=\u00a0\u00bb200&#215;150&Prime; css=\u00a0\u00bb\u00a0\u00bb][\/vc_column][\/vc_row][\/vc_section]<\/p>\n<\/div>","protected":false},"excerpt":{"rendered":"<p>[vc_section][vc_row][vc_column][vc_gallery interval=\u00a0\u00bb5&Prime; images=\u00a0\u00bb2338,2340,2342,2344,2346,2605,2609&Prime; img_size=\u00a0\u00bbnur_featured_image\u00a0\u00bb onclick=\u00a0\u00bb\u00a0\u00bb css=\u00a0\u00bb\u00a0\u00bb][\/vc_column][\/vc_row][vc_row][vc_column width=\u00a0\u00bb1\/4&Prime;][vc_column_text css=\u00a0\u00bb\u00a0\u00bb]Site Gen\u00e8ve Nombre de modules 1204 Puissance 511,67 kWc Modules Trina Solar Vertex S TSM 425 (826 PV) Trina Solar Vertex S+ TSM 440 (348 PV) Istar IS4000 250 (30 PV) Onduleurs 3 x Solaredge SE100K 2 x Solaredge SE66K Nombre de Onduleurs 5 Sous-structure K2 Greenroof K2 [&hellip;]<\/p>\n","protected":false},"featured_media":2338,"menu_order":0,"template":"","class_list":["post-3487","project","type-project","status-publish","has-post-thumbnail","hentry","project_category-entreprise","project_tag-entreprise","project_tag-integre"],"yoast_head":"<!-- This site is optimized with the Yoast SEO plugin v27.5 - https:\/\/yoast.com\/product\/yoast-seo-wordpress\/ -->\n<title>\u00c9COLE INTERNATIONALE DE GEN\u00c8VE | GEN\u00c8VE - Suntechnics<\/title>\n<meta name=\"description\" content=\"Le projet solaire de Suntechnics Fabrisolar sur le toit de l\u2019\u00c9cole Internationale de Gen\u00e8ve est un exemple phare de production d\u2019\u00e9nergie.\" \/>\n<meta name=\"robots\" content=\"index, follow, max-snippet:-1, max-image-preview:large, max-video-preview:-1\" \/>\n<link rel=\"canonical\" href=\"https:\/\/suntechnics.ch\/fr\/project\/ecole-internationale-de-geneve-geneve\/\" \/>\n<meta property=\"og:locale\" content=\"fr_FR\" \/>\n<meta property=\"og:type\" content=\"article\" \/>\n<meta property=\"og:title\" content=\"\u00c9COLE INTERNATIONALE DE GEN\u00c8VE | GEN\u00c8VE - Suntechnics\" \/>\n<meta property=\"og:description\" content=\"Le projet solaire de Suntechnics Fabrisolar sur le toit de l\u2019\u00c9cole Internationale de Gen\u00e8ve est un exemple phare de production d\u2019\u00e9nergie.\" \/>\n<meta property=\"og:url\" content=\"https:\/\/suntechnics.ch\/fr\/project\/ecole-internationale-de-geneve-geneve\/\" \/>\n<meta property=\"og:site_name\" content=\"Suntechnics\" \/>\n<meta property=\"article:modified_time\" content=\"2025-12-18T08:38:57+00:00\" \/>\n<meta property=\"og:image\" content=\"https:\/\/suntechnics.ch\/wp-content\/uploads\/2024\/06\/DJI_0952-scaled.jpg\" \/>\n\t<meta property=\"og:image:width\" content=\"2560\" \/>\n\t<meta property=\"og:image:height\" content=\"1707\" \/>\n\t<meta property=\"og:image:type\" content=\"image\/jpeg\" \/>\n<meta name=\"twitter:card\" content=\"summary_large_image\" \/>\n<meta name=\"twitter:label1\" content=\"Dur\u00e9e de lecture estim\u00e9e\" \/>\n\t<meta name=\"twitter:data1\" content=\"1 minute\" \/>\n<script type=\"application\/ld+json\" class=\"yoast-schema-graph\">{\"@context\":\"https:\\\/\\\/schema.org\",\"@graph\":[{\"@type\":\"WebPage\",\"@id\":\"https:\\\/\\\/suntechnics.ch\\\/fr\\\/project\\\/ecole-internationale-de-geneve-geneve\\\/\",\"url\":\"https:\\\/\\\/suntechnics.ch\\\/fr\\\/project\\\/ecole-internationale-de-geneve-geneve\\\/\",\"name\":\"\u00c9COLE INTERNATIONALE DE GEN\u00c8VE | GEN\u00c8VE - Suntechnics\",\"isPartOf\":{\"@id\":\"https:\\\/\\\/suntechnics.ch\\\/#website\"},\"primaryImageOfPage\":{\"@id\":\"https:\\\/\\\/suntechnics.ch\\\/fr\\\/project\\\/ecole-internationale-de-geneve-geneve\\\/#primaryimage\"},\"image\":{\"@id\":\"https:\\\/\\\/suntechnics.ch\\\/fr\\\/project\\\/ecole-internationale-de-geneve-geneve\\\/#primaryimage\"},\"thumbnailUrl\":\"https:\\\/\\\/suntechnics.ch\\\/wp-content\\\/uploads\\\/2024\\\/06\\\/DJI_0952-scaled.jpg\",\"datePublished\":\"2024-06-24T12:06:04+00:00\",\"dateModified\":\"2025-12-18T08:38:57+00:00\",\"description\":\"Le projet solaire de Suntechnics Fabrisolar sur le toit de l\u2019\u00c9cole Internationale de Gen\u00e8ve est un exemple phare de production d\u2019\u00e9nergie.\",\"breadcrumb\":{\"@id\":\"https:\\\/\\\/suntechnics.ch\\\/fr\\\/project\\\/ecole-internationale-de-geneve-geneve\\\/#breadcrumb\"},\"inLanguage\":\"fr-FR\",\"potentialAction\":[{\"@type\":\"ReadAction\",\"target\":[\"https:\\\/\\\/suntechnics.ch\\\/fr\\\/project\\\/ecole-internationale-de-geneve-geneve\\\/\"]}]},{\"@type\":\"ImageObject\",\"inLanguage\":\"fr-FR\",\"@id\":\"https:\\\/\\\/suntechnics.ch\\\/fr\\\/project\\\/ecole-internationale-de-geneve-geneve\\\/#primaryimage\",\"url\":\"https:\\\/\\\/suntechnics.ch\\\/wp-content\\\/uploads\\\/2024\\\/06\\\/DJI_0952-scaled.jpg\",\"contentUrl\":\"https:\\\/\\\/suntechnics.ch\\\/wp-content\\\/uploads\\\/2024\\\/06\\\/DJI_0952-scaled.jpg\",\"width\":2560,\"height\":1707,\"caption\":\"default\"},{\"@type\":\"BreadcrumbList\",\"@id\":\"https:\\\/\\\/suntechnics.ch\\\/fr\\\/project\\\/ecole-internationale-de-geneve-geneve\\\/#breadcrumb\",\"itemListElement\":[{\"@type\":\"ListItem\",\"position\":1,\"name\":\"Startseite\",\"item\":\"https:\\\/\\\/suntechnics.ch\\\/fr\\\/\"},{\"@type\":\"ListItem\",\"position\":2,\"name\":\"\u00c9COLE INTERNATIONALE DE GEN\u00c8VE | GEN\u00c8VE\"}]},{\"@type\":\"WebSite\",\"@id\":\"https:\\\/\\\/suntechnics.ch\\\/#website\",\"url\":\"https:\\\/\\\/suntechnics.ch\\\/\",\"name\":\"Suntechnics\",\"description\":\"\",\"publisher\":{\"@id\":\"https:\\\/\\\/suntechnics.ch\\\/#organization\"},\"potentialAction\":[{\"@type\":\"SearchAction\",\"target\":{\"@type\":\"EntryPoint\",\"urlTemplate\":\"https:\\\/\\\/suntechnics.ch\\\/?s={search_term_string}\"},\"query-input\":{\"@type\":\"PropertyValueSpecification\",\"valueRequired\":true,\"valueName\":\"search_term_string\"}}],\"inLanguage\":\"fr-FR\"},{\"@type\":\"Organization\",\"@id\":\"https:\\\/\\\/suntechnics.ch\\\/#organization\",\"name\":\"Suntechnics\",\"url\":\"https:\\\/\\\/suntechnics.ch\\\/\",\"logo\":{\"@type\":\"ImageObject\",\"inLanguage\":\"fr-FR\",\"@id\":\"https:\\\/\\\/suntechnics.ch\\\/#\\\/schema\\\/logo\\\/image\\\/\",\"url\":\"https:\\\/\\\/suntechnics.ch\\\/wp-content\\\/uploads\\\/2024\\\/04\\\/Logo_SunTechnics_schwarz-scaled.jpg\",\"contentUrl\":\"https:\\\/\\\/suntechnics.ch\\\/wp-content\\\/uploads\\\/2024\\\/04\\\/Logo_SunTechnics_schwarz-scaled.jpg\",\"width\":2560,\"height\":515,\"caption\":\"Suntechnics\"},\"image\":{\"@id\":\"https:\\\/\\\/suntechnics.ch\\\/#\\\/schema\\\/logo\\\/image\\\/\"}}]}<\/script>\n<!-- \/ Yoast SEO plugin. -->","yoast_head_json":{"title":"\u00c9COLE INTERNATIONALE DE GEN\u00c8VE | GEN\u00c8VE - Suntechnics","description":"Le projet solaire de Suntechnics Fabrisolar sur le toit de l\u2019\u00c9cole Internationale de Gen\u00e8ve est un exemple phare de production d\u2019\u00e9nergie.","robots":{"index":"index","follow":"follow","max-snippet":"max-snippet:-1","max-image-preview":"max-image-preview:large","max-video-preview":"max-video-preview:-1"},"canonical":"https:\/\/suntechnics.ch\/fr\/project\/ecole-internationale-de-geneve-geneve\/","og_locale":"fr_FR","og_type":"article","og_title":"\u00c9COLE INTERNATIONALE DE GEN\u00c8VE | GEN\u00c8VE - Suntechnics","og_description":"Le projet solaire de Suntechnics Fabrisolar sur le toit de l\u2019\u00c9cole Internationale de Gen\u00e8ve est un exemple phare de production d\u2019\u00e9nergie.","og_url":"https:\/\/suntechnics.ch\/fr\/project\/ecole-internationale-de-geneve-geneve\/","og_site_name":"Suntechnics","article_modified_time":"2025-12-18T08:38:57+00:00","og_image":[{"width":2560,"height":1707,"url":"https:\/\/suntechnics.ch\/wp-content\/uploads\/2024\/06\/DJI_0952-scaled.jpg","type":"image\/jpeg"}],"twitter_card":"summary_large_image","twitter_misc":{"Dur\u00e9e de lecture estim\u00e9e":"1 minute"},"schema":{"@context":"https:\/\/schema.org","@graph":[{"@type":"WebPage","@id":"https:\/\/suntechnics.ch\/fr\/project\/ecole-internationale-de-geneve-geneve\/","url":"https:\/\/suntechnics.ch\/fr\/project\/ecole-internationale-de-geneve-geneve\/","name":"\u00c9COLE INTERNATIONALE DE GEN\u00c8VE | GEN\u00c8VE - Suntechnics","isPartOf":{"@id":"https:\/\/suntechnics.ch\/#website"},"primaryImageOfPage":{"@id":"https:\/\/suntechnics.ch\/fr\/project\/ecole-internationale-de-geneve-geneve\/#primaryimage"},"image":{"@id":"https:\/\/suntechnics.ch\/fr\/project\/ecole-internationale-de-geneve-geneve\/#primaryimage"},"thumbnailUrl":"https:\/\/suntechnics.ch\/wp-content\/uploads\/2024\/06\/DJI_0952-scaled.jpg","datePublished":"2024-06-24T12:06:04+00:00","dateModified":"2025-12-18T08:38:57+00:00","description":"Le projet solaire de Suntechnics Fabrisolar sur le toit de l\u2019\u00c9cole Internationale de Gen\u00e8ve est un exemple phare de production d\u2019\u00e9nergie.","breadcrumb":{"@id":"https:\/\/suntechnics.ch\/fr\/project\/ecole-internationale-de-geneve-geneve\/#breadcrumb"},"inLanguage":"fr-FR","potentialAction":[{"@type":"ReadAction","target":["https:\/\/suntechnics.ch\/fr\/project\/ecole-internationale-de-geneve-geneve\/"]}]},{"@type":"ImageObject","inLanguage":"fr-FR","@id":"https:\/\/suntechnics.ch\/fr\/project\/ecole-internationale-de-geneve-geneve\/#primaryimage","url":"https:\/\/suntechnics.ch\/wp-content\/uploads\/2024\/06\/DJI_0952-scaled.jpg","contentUrl":"https:\/\/suntechnics.ch\/wp-content\/uploads\/2024\/06\/DJI_0952-scaled.jpg","width":2560,"height":1707,"caption":"default"},{"@type":"BreadcrumbList","@id":"https:\/\/suntechnics.ch\/fr\/project\/ecole-internationale-de-geneve-geneve\/#breadcrumb","itemListElement":[{"@type":"ListItem","position":1,"name":"Startseite","item":"https:\/\/suntechnics.ch\/fr\/"},{"@type":"ListItem","position":2,"name":"\u00c9COLE INTERNATIONALE DE GEN\u00c8VE | GEN\u00c8VE"}]},{"@type":"WebSite","@id":"https:\/\/suntechnics.ch\/#website","url":"https:\/\/suntechnics.ch\/","name":"Suntechnics","description":"","publisher":{"@id":"https:\/\/suntechnics.ch\/#organization"},"potentialAction":[{"@type":"SearchAction","target":{"@type":"EntryPoint","urlTemplate":"https:\/\/suntechnics.ch\/?s={search_term_string}"},"query-input":{"@type":"PropertyValueSpecification","valueRequired":true,"valueName":"search_term_string"}}],"inLanguage":"fr-FR"},{"@type":"Organization","@id":"https:\/\/suntechnics.ch\/#organization","name":"Suntechnics","url":"https:\/\/suntechnics.ch\/","logo":{"@type":"ImageObject","inLanguage":"fr-FR","@id":"https:\/\/suntechnics.ch\/#\/schema\/logo\/image\/","url":"https:\/\/suntechnics.ch\/wp-content\/uploads\/2024\/04\/Logo_SunTechnics_schwarz-scaled.jpg","contentUrl":"https:\/\/suntechnics.ch\/wp-content\/uploads\/2024\/04\/Logo_SunTechnics_schwarz-scaled.jpg","width":2560,"height":515,"caption":"Suntechnics"},"image":{"@id":"https:\/\/suntechnics.ch\/#\/schema\/logo\/image\/"}}]}},"_links":{"self":[{"href":"https:\/\/suntechnics.ch\/fr\/wp-json\/wp\/v2\/project\/3487","targetHints":{"allow":["GET"]}}],"collection":[{"href":"https:\/\/suntechnics.ch\/fr\/wp-json\/wp\/v2\/project"}],"about":[{"href":"https:\/\/suntechnics.ch\/fr\/wp-json\/wp\/v2\/types\/project"}],"wp:featuredmedia":[{"embeddable":true,"href":"https:\/\/suntechnics.ch\/fr\/wp-json\/wp\/v2\/media\/2338"}],"wp:attachment":[{"href":"https:\/\/suntechnics.ch\/fr\/wp-json\/wp\/v2\/media?parent=3487"}],"curies":[{"name":"wp","href":"https:\/\/api.w.org\/{rel}","templated":true}]}}